{"id":17856,"date":"2020-07-28T13:10:18","date_gmt":"2020-07-28T11:10:18","guid":{"rendered":"https:\/\/vanitasespai.es\/?page_id=17856"},"modified":"2023-08-30T09:27:51","modified_gmt":"2023-08-30T07:27:51","slug":"web-map","status":"publish","type":"page","link":"https:\/\/vanitasespai.es\/en\/web-map\/","title":{"rendered":"Web map"},"content":{"rendered":"<ul>\n<li class=\"cat-item cat-item-253\"><span style=\"color: #000000;\"><a style=\"color: #000000;\" title=\"Blog de Vanitas Espai: el mejor sal\u00f3n de belleza, peluquer\u00eda y est\u00e9tica de Barcelona\" href=\"https:\/\/vanitasespai.es\/category\/blog\/\">Blog<\/a><\/span><\/li>\n<li class=\"cat-item cat-item-236\"><span style=\"color: #000000;\"><a style=\"color: #000000;\" title=\"Todas las promociones, bonos y regalos que puedes encontrar en Vanitas Espai. Precios especiales para ocasiones concretas, packs para amigas o parejas y mucho m\u00e1s.\" href=\"https:\/\/vanitasespai.es\/category\/bonos-y-regalos\/\">Bonos y regalos<\/a><\/span><\/li>\n<li class=\"cat-item cat-item-2\"><span style=\"color: #000000;\"><a style=\"color: #000000;\" title=\"En VANITAS ESPAI tenemos a los mejores profesionales de peluquer\u00eda y est\u00e9tica, que sabr\u00e1n aconsejarte para que luzcas el pelo m\u00e1s adecuado a tu forma de ser. Tu estilo, la forma de tu rostro, el modo en que te vistes, cada detalle cuenta y nos ayuda a recomendarte cu\u00e1l es el peinado que m\u00e1s te favorece. Tenemos los mejores productos para tratar tu pelo y los profesionales m\u00e1s preparados para darle forma. \" href=\"https:\/\/vanitasespai.es\/category\/cabello-y-peinados\/\">Cabello y Peinados<\/a><\/span><\/li>\n<li class=\"cat-item cat-item-3\"><span style=\"color: #000000;\"><a style=\"color: #000000;\" title=\"Art\u00edculos sobre tendencias y t\u00e9cnicas de cosm\u00e9tica facial: descubre las mejores t\u00e9cnicas de maquillaje en tu sal\u00f3n de belleza de Barcelona. Maquillaje para novias, maquillaje con aer\u00f3grafo, maquillaje flash y mucho m\u00e1s.\" href=\"https:\/\/vanitasespai.es\/category\/cosmetica-facial\/\">Cosm\u00e9tica Facial<\/a><\/span><\/li>\n<li class=\"cat-item cat-item-4\"><span style=\"color: #000000;\"><a style=\"color: #000000;\" title=\"T\u00e9cnicas pioneras de depilaci\u00f3n en el mejor sal\u00f3n de est\u00e9tica de Barcelona. Depilaci\u00f3n con cera caliente y fr\u00eda para hombre y mujer, depilaci\u00f3n con hilo y todas las t\u00e9cnicas m\u00e1s modernas en esta disciplina.\" href=\"https:\/\/vanitasespai.es\/category\/depilacion\/\">Depilaci\u00f3n<\/a><\/span><\/li>\n<li class=\"cat-item cat-item-5\"><span style=\"color: #000000;\"><a style=\"color: #000000;\" title=\"Eventos que tienen lugar en Vanitas Espai: el mejor sal\u00f3n de belleza y est\u00e9tica de Barcelona; o eventos -fuera del sal\u00f3n- de los que participan nuestros profesionales y estilistas.\" href=\"https:\/\/vanitasespai.es\/category\/eventos\/\">Eventos<\/a><\/span><\/li>\n<li class=\"cat-item cat-item-6\"><span style=\"color: #000000;\"><a style=\"color: #000000;\" title=\"Extensiones de pelo natural. Consigue una melena larga y espectacular sin da\u00f1ar tu propio pelo con las extensiones de pelo natural de Balmain.\" href=\"https:\/\/vanitasespai.es\/category\/extensiones-de-pelo\/\">Extensiones de Pelo<\/a><\/span><\/li>\n<li class=\"cat-item cat-item-8\"><span style=\"color: #000000;\"><a style=\"color: #000000;\" title=\"Art\u00edculos sobre los productos de la marca Lilu Cosmetique: l\u00edder en productos de cuidado de la piel. Consigue una dermis m\u00e1s suave y uniforme y una reducci\u00f3n de la piel de naranja y las imperfecciones con estos productos. Destaca Rioblush Firming Leg con el producto de las protagonistas de Sexo en Nueva York.\" href=\"https:\/\/vanitasespai.es\/category\/lilu-cosmetique\/\">Lilu Cosmetique<\/a><\/span><\/li>\n<li class=\"cat-item cat-item-256\"><span style=\"color: #000000;\"><a style=\"color: #000000;\" title=\"Encuentra los mejores art\u00edculos sobre maquillaje en el blog de Vanitas Espai: los maquillajes m\u00e1s de moda para salir por la noche, para bodas y comuniones o para lucir un look casual. Las tendencias en maquillaje y make up m\u00e1s importantes, como el maquillaje con aer\u00f3grafo, y mucho m\u00e1s.\" href=\"https:\/\/vanitasespai.es\/category\/maquillaje\/\">Maquillaje<\/a><\/span><\/li>\n<li class=\"cat-item cat-item-255\"><span style=\"color: #000000;\"><a style=\"color: #000000;\" title=\"Art\u00edculos sobre los masajes en Vanitas Espai: descubre los mejores tratamientos de masaje de Barcelona en nuestro blog. Masajes descontracturantes, reductores; friegas relajantes y masajes anticelul\u00edticos y reductores. Tambi\u00e9n descubrir\u00e1s los tratamientos m\u00e1s modernos, como la cobertura de algas, el vendaje neuromuscular.\" href=\"https:\/\/vanitasespai.es\/category\/masajes\/\">Masajes<\/a><\/span><\/li>\n<li class=\"cat-item cat-item-9\"><span style=\"color: #000000;\"><a style=\"color: #000000;\" title=\"Matriskin es una marca pionera y l\u00edder en cuidados y tratamientos para la piel, tanto de mujer como de hombre. Vanitas Espai comercializa productos Matriskin tanto en el sal\u00f3n como en su tienda online, aqu\u00ed podr\u00e1s descubrir todos los productos que tienen y para qu\u00e9 sirven.\" href=\"https:\/\/vanitasespai.es\/category\/matriskin\/\">Matriskin<\/a><\/span><\/li>\n<li class=\"cat-item cat-item-10\"><span style=\"color: #000000;\"><a style=\"color: #000000;\" title=\"En Vanitas Espai somos pioneros en Barcelona en los servicios de peluquer\u00eda y est\u00e9tica. En esta categor\u00eda encontrar\u00e1s todos los art\u00edculos con las novedades que te presentamos tanto de marcas que traemos a Barcleona como de servicios en los que no tenemos par.\" href=\"https:\/\/vanitasespai.es\/category\/novedades\/\">Novedades<\/a><\/span><\/li>\n<li class=\"cat-item cat-item-11\"><span style=\"color: #000000;\"><a style=\"color: #000000;\" title=\"Nuestros art\u00edculos sobre novias. Somos especialistas en packs para bodas y servicios para este evento tan especial: peluquer\u00eda, maquillaje y estilismo para que las novias tengan el look m\u00e1s adecuado para ellas en el d\u00eda m\u00e1s especial de sus vidas.\" href=\"https:\/\/vanitasespai.es\/category\/novias-2\/\">Novias<\/a><\/span><\/li>\n<li class=\"cat-item cat-item-12\"><span style=\"color: #000000;\"><a style=\"color: #000000;\" title=\"Art\u00edculos sobre peluquer\u00eda del sal\u00f3n m\u00e1s exclusivo de Barcelona. Tendencias para hombre y mujer, los peinados m\u00e1s de moda, los cambios de look m\u00e1s radicales e interesantes. Te lo contamos todo sobre los cortes de pelo m\u00e1s de modo para chicos y chicas.\" href=\"https:\/\/vanitasespai.es\/category\/peluqueria\/\">Peluquer\u00eda<\/a><\/span><\/li>\n<li class=\"cat-item cat-item-13\"><span style=\"color: #000000;\"><a style=\"color: #000000;\" title=\"Art\u00edculos sobre nuestros tratamientos y t\u00e9cnicas de belleza y est\u00e9tica. Somos pioneros en Barcelona en extensiones de pesta\u00f1as pelo a pelo, permanente de pesta\u00f1as, depilaci\u00f3n de cejas con hilo, dise\u00f1o de cejas y mucho m\u00e1s.\" href=\"https:\/\/vanitasespai.es\/category\/pestanas-y-cejas\/\">Pesta\u00f1as y Cejas<\/a><\/span><\/li>\n<li class=\"cat-item cat-item-257\"><span style=\"color: #000000;\"><a style=\"color: #000000;\" title=\"En esta categor\u00eda encontrar\u00e1s los mejores art\u00edculos sobre tendencias en peluquer\u00eda, maquillaje, manicura y tratamientos corporales. Descubre aqu\u00ed los looks y peinados m\u00e1s de moda en Barcelona y en el resto del mundo, los cuidados que se aplican las celebrities para estar estupendas y mucho m\u00e1s.\" href=\"https:\/\/vanitasespai.es\/category\/tendencias\/\">Tendencias<\/a><\/span><\/li>\n<li class=\"cat-item cat-item-16\"><span style=\"color: #000000;\"><a style=\"color: #000000;\" title=\"Art\u00edculos sobre los tratamientos corporales de Vanitas Espai: consigue eliminar la piel de naranja, mejorar la suavidad y la textura de tu piel as\u00ed como la circulaci\u00f3n de la sangre con nuestros drenajes linf\u00e1ticos, masajes y con el uso de los mejores productos del mercado. \" href=\"https:\/\/vanitasespai.es\/category\/tratamientos-corporales\/\">Tratamientos Corporales<\/a><\/span><\/li>\n<li class=\"cat-item cat-item-17\"><span style=\"color: #000000;\"><a style=\"color: #000000;\" title=\"Todos los art\u00edculos sobre los tratamientos para el cabello de Vanitas Espai, el mejor sal\u00f3n de pelquer\u00eda de Barcelona: los mejores alisados para el pelo, con tratamientos naturales, que no da\u00f1an el cabello y lo mantienen suave, sano e hidratado.\" href=\"https:\/\/vanitasespai.es\/category\/tratamientos-del-cabello\/\">Tratamientos del Cabello<\/a><\/span><\/li>\n<li class=\"cat-item cat-item-18\"><span style=\"color: #000000;\"><a style=\"color: #000000;\" title=\"Los tratamientos faciales de Vanitas Espai: Los mejores tratamientos faciales de Barcelona para dejar tu piel joven, tersa y sin imperfecciones. Mant\u00e9n una piel sana y a salvo de las agresiones del sol, el maquillaje o el fr\u00edo. Suaviza tus l\u00edneas de expresi\u00f3n y muestra una cara reluciente. \" href=\"https:\/\/vanitasespai.es\/category\/tratamientos-faciales\/\">Tratamientos Faciales<\/a><\/span><\/li>\n<li class=\"cat-item cat-item-19 current-cat\"><span style=\"color: #000000;\"><a style=\"color: #000000;\" title=\"Nuestra secci\u00f3n de U\u00f1as en Vanitas Espai: art\u00edculos sobre nuestros servicios de manicura, pedicura y u\u00f1as esculpidas. Tenemos los mejores esmaltes, con los tonos y la calidad de Shellac. \" href=\"https:\/\/vanitasespai.es\/category\/unas\/\">U\u00f1as<\/a><\/span><\/li>\n<\/ul>\n<p><span style=\"color: #000000;\"><!-- ----------------- Mostramos las p\u00e1ginas ----------------- --><\/span><\/p>\n<ul>\n<li class=\"page_item page-item-463\"><span style=\"color: #000000;\"><a style=\"color: #000000;\" href=\"https:\/\/vanitasespai.es\/aviso-legal\/\">Aviso legal<\/a><\/span><\/li>\n<li class=\"page_item page-item-21 current_page_parent\"><span style=\"color: #000000;\"><a style=\"color: #000000;\" href=\"https:\/\/vanitasespai.es\/blog\/\">Blog<\/a><\/span><\/li>\n<li class=\"page_item page-item-6562 page_item_has_children\"><span style=\"color: #000000;\"><a style=\"color: #000000;\" href=\"https:\/\/vanitasespai.es\/colecciones\/\">Colecciones<\/a><\/span>\n<ul class=\"children\">\n<li class=\"page_item page-item-6560\"><span style=\"color: #000000;\"><a style=\"color: #000000;\" href=\"https:\/\/vanitasespai.es\/colecciones\/colecciones-2012\/\">Colecciones 2013<\/a><\/span><\/li>\n<li class=\"page_item page-item-6557\"><span style=\"color: #000000;\"><a style=\"color: #000000;\" href=\"https:\/\/vanitasespai.es\/colecciones\/colecciones-2013\/\">Colecciones 2014<\/a><\/span><\/li>\n<li class=\"page_item page-item-9072\"><span style=\"color: #000000;\"><a style=\"color: #000000;\" href=\"https:\/\/vanitasespai.es\/colecciones\/colecciones-2014\/\">Colecciones 2015<\/a><\/span><\/li>\n<li class=\"page_item page-item-11241\"><span style=\"color: #000000;\"><a style=\"color: #000000;\" href=\"https:\/\/vanitasespai.es\/colecciones\/colecciones-2016\/\">Colecciones 2016<\/a><\/span><\/li>\n<li class=\"page_item page-item-12677\"><span style=\"color: #000000;\"><a style=\"color: #000000;\" href=\"https:\/\/vanitasespai.es\/colecciones\/colecciones-2017\/\">Colecciones 2017<\/a><\/span><\/li>\n<li class=\"page_item page-item-14287\"><span style=\"color: #000000;\"><a style=\"color: #000000;\" href=\"https:\/\/vanitasespai.es\/colecciones\/colecciones-2018\/\">Colecciones 2018<\/a><\/span><\/li>\n<\/ul>\n<\/li>\n<li class=\"page_item page-item-7\"><span style=\"color: #000000;\"><a style=\"color: #000000;\" href=\"https:\/\/vanitasespai.es\/conoce-vanitas-espai\/\">Conoce Vanitas Espai<\/a><\/span><\/li>\n<li class=\"page_item page-item-6635 page_item_has_children\"><span style=\"color: #000000;\"><a style=\"color: #000000;\" href=\"https:\/\/vanitasespai.es\/contenidos-destacados\/\">Contenidos Destacados<\/a><\/span>\n<ul class=\"children\">\n<li class=\"page_item page-item-6435\"><span style=\"color: #000000;\"><a style=\"color: #000000;\" href=\"https:\/\/vanitasespai.es\/contenidos-destacados\/cambios-de-look-de-celebrities\/\">Cambios de Look de Celebrities<\/a><\/span><\/li>\n<li class=\"page_item page-item-6427\"><span style=\"color: #000000;\"><a style=\"color: #000000;\" href=\"https:\/\/vanitasespai.es\/contenidos-destacados\/colores-de-moda\/\">Colores de Moda<\/a><\/span><\/li>\n<li class=\"page_item page-item-6387\"><span style=\"color: #000000;\"><a style=\"color: #000000;\" href=\"https:\/\/vanitasespai.es\/contenidos-destacados\/con-mono\/\">Con Mo\u00f1o<\/a><\/span><\/li>\n<li class=\"page_item page-item-6390\"><span style=\"color: #000000;\"><a style=\"color: #000000;\" href=\"https:\/\/vanitasespai.es\/contenidos-destacados\/con-trenzas-y-coletas\/\">Con Trenzas y Coletas<\/a><\/span><\/li>\n<li class=\"page_item page-item-6365\"><span style=\"color: #000000;\"><a style=\"color: #000000;\" href=\"https:\/\/vanitasespai.es\/contenidos-destacados\/depilacion-corporal\/\">Depilaci\u00f3n Corporal<\/a><\/span><\/li>\n<li class=\"page_item page-item-6361\"><span style=\"color: #000000;\"><a style=\"color: #000000;\" href=\"https:\/\/vanitasespai.es\/contenidos-destacados\/depilacion-facial\/\">Depilaci\u00f3n Facial<\/a><\/span><\/li>\n<li class=\"page_item page-item-11334\"><span style=\"color: #000000;\"><a style=\"color: #000000;\" href=\"https:\/\/vanitasespai.es\/contenidos-destacados\/el-color-de-pelo-de-gisele-bundchen\/\">El color de pelo de Gisele Bundchen<\/a><\/span><\/li>\n<li class=\"page_item page-item-11393\"><span style=\"color: #000000;\"><a style=\"color: #000000;\" href=\"https:\/\/vanitasespai.es\/contenidos-destacados\/el-flequillo-estilo-blanca-suarez\/\">El flequillo estilo Blanca Su\u00e1rez<\/a><\/span><\/li>\n<li class=\"page_item page-item-11893\"><span style=\"color: #000000;\"><a style=\"color: #000000;\" href=\"https:\/\/vanitasespai.es\/contenidos-destacados\/el-pelo-de-penelope-cruz\/\">El pelo de Pen\u00e9lope Cruz<\/a><\/span><\/li>\n<li class=\"page_item page-item-6368\"><span style=\"color: #000000;\"><a style=\"color: #000000;\" href=\"https:\/\/vanitasespai.es\/contenidos-destacados\/extension-de-pestanas\/\">Extensi\u00f3n de Pesta\u00f1as<\/a><\/span><\/li>\n<li class=\"page_item page-item-6225\"><span style=\"color: #000000;\"><a style=\"color: #000000;\" href=\"https:\/\/vanitasespai.es\/contenidos-destacados\/historia-de-las-mechas-californianas\/\">Historia de las Mechas Californianas<\/a><\/span><\/li>\n<li class=\"page_item page-item-6394\"><span style=\"color: #000000;\"><a style=\"color: #000000;\" href=\"https:\/\/vanitasespai.es\/contenidos-destacados\/las-famosas-en-el-altar\/\">Las Famosas en el Altar<\/a><\/span><\/li>\n<li class=\"page_item page-item-6432\"><span style=\"color: #000000;\"><a style=\"color: #000000;\" href=\"https:\/\/vanitasespai.es\/contenidos-destacados\/look-casual\/\">Look Casual<\/a><\/span><\/li>\n<li class=\"page_item page-item-6398\"><span style=\"color: #000000;\"><a style=\"color: #000000;\" href=\"https:\/\/vanitasespai.es\/contenidos-destacados\/looks-con-flequillo\/\">Looks con Flequillo<\/a><\/span><\/li>\n<li class=\"page_item page-item-6417\"><span style=\"color: #000000;\"><a style=\"color: #000000;\" href=\"https:\/\/vanitasespai.es\/contenidos-destacados\/looks-para-pelo-corto\/\">Looks para Pelo Corto<\/a><\/span><\/li>\n<li class=\"page_item page-item-6419\"><span style=\"color: #000000;\"><a style=\"color: #000000;\" href=\"https:\/\/vanitasespai.es\/contenidos-destacados\/looks-para-pelo-largo\/\">Looks para Pelo Largo<\/a><\/span><\/li>\n<li class=\"page_item page-item-6425\"><span style=\"color: #000000;\"><a style=\"color: #000000;\" href=\"https:\/\/vanitasespai.es\/contenidos-destacados\/looks-para-pelo-medio-largo\/\">Looks para Pelo Medio Largo<\/a><\/span><\/li>\n<li class=\"page_item page-item-6421\"><span style=\"color: #000000;\"><a style=\"color: #000000;\" href=\"https:\/\/vanitasespai.es\/contenidos-destacados\/looks-para-pelo-rizadoondulado\/\">Looks para Pelo Rizado\/Ondulado<\/a><\/span><\/li>\n<li class=\"page_item page-item-6423\"><span style=\"color: #000000;\"><a style=\"color: #000000;\" href=\"https:\/\/vanitasespai.es\/contenidos-destacados\/looks-pelo-corto\/\">Looks Pelo Corto<\/a><\/span><\/li>\n<li class=\"page_item page-item-6378\"><span style=\"color: #000000;\"><a style=\"color: #000000;\" href=\"https:\/\/vanitasespai.es\/contenidos-destacados\/paso-a-paso\/\">Paso a Paso<\/a><\/span><\/li>\n<li class=\"page_item page-item-6392\"><span style=\"color: #000000;\"><a style=\"color: #000000;\" href=\"https:\/\/vanitasespai.es\/contenidos-destacados\/peinados-con-pelo-rizado\/\">Peinados con Pelo Rizado<\/a><\/span><\/li>\n<li class=\"page_item page-item-6384\"><span style=\"color: #000000;\"><a style=\"color: #000000;\" href=\"https:\/\/vanitasespai.es\/contenidos-destacados\/peinados-con-trenzas\/\">Peinados con Trenzas<\/a><\/span><\/li>\n<li class=\"page_item page-item-6381\"><span style=\"color: #000000;\"><a style=\"color: #000000;\" href=\"https:\/\/vanitasespai.es\/contenidos-destacados\/pelo-suelto\/\">Pelo Suelto<\/a><\/span><\/li>\n<li class=\"page_item page-item-6373\"><span style=\"color: #000000;\"><a style=\"color: #000000;\" href=\"https:\/\/vanitasespai.es\/contenidos-destacados\/recogidos-altos\/\">Recogidos Altos<\/a><\/span><\/li>\n<li class=\"page_item page-item-6376\"><span style=\"color: #000000;\"><a style=\"color: #000000;\" href=\"https:\/\/vanitasespai.es\/contenidos-destacados\/recogidos-bajos\/\">Recogidos Bajos<\/a><\/span><\/li>\n<li class=\"page_item page-item-6371\"><span style=\"color: #000000;\"><a style=\"color: #000000;\" href=\"https:\/\/vanitasespai.es\/contenidos-destacados\/semi-recogidos\/\">Semi Recogidos<\/a><\/span><\/li>\n<li class=\"page_item page-item-6358\"><span style=\"color: #000000;\"><a style=\"color: #000000;\" href=\"https:\/\/vanitasespai.es\/contenidos-destacados\/tipos-de-mechas-californianas\/\">Tipos de Mechas Californianas<\/a><\/span><\/li>\n<\/ul>\n<\/li>\n<li class=\"page_item page-item-13064\"><span style=\"color: #000000;\"><a style=\"color: #000000;\" href=\"https:\/\/vanitasespai.es\/cursos-automaquillaje\/\">Cursos de automaquillaje<\/a><\/span><\/li>\n<li class=\"page_item page-item-1144 page_item_has_children\"><span style=\"color: #000000;\"><a style=\"color: #000000;\" href=\"https:\/\/vanitasespai.es\/estetica\/\">Est\u00e9tica<\/a><\/span>\n<ul class=\"children\">\n<li class=\"page_item page-item-11126\"><span style=\"color: #000000;\"><a style=\"color: #000000;\" href=\"https:\/\/vanitasespai.es\/estetica\/bronceado-cana-de-azucar\/\">BRONCEADO CA\u00d1A DE AZ\u00daCAR<\/a><\/span><\/li>\n<li class=\"page_item page-item-1556\"><span style=\"color: #000000;\"><a style=\"color: #000000;\" href=\"https:\/\/vanitasespai.es\/estetica\/depilacion-cera\/\">Depilaci\u00f3n con Cera<\/a><\/span><\/li>\n<li class=\"page_item page-item-2792\"><span style=\"color: #000000;\"><a style=\"color: #000000;\" href=\"https:\/\/vanitasespai.es\/estetica\/depilacion-hilo\/\">Depilaci\u00f3n con Hilo<\/a><\/span><\/li>\n<li class=\"page_item page-item-489\"><span style=\"color: #000000;\"><a style=\"color: #000000;\" href=\"https:\/\/vanitasespai.es\/estetica\/fotodepilacion\/\">Fotodepilaci\u00f3n<\/a><\/span><\/li>\n<li class=\"page_item page-item-493\"><span style=\"color: #000000;\"><a style=\"color: #000000;\" href=\"https:\/\/vanitasespai.es\/estetica\/higiene-facial\/\">Higiene facial<\/a><\/span><\/li>\n<li class=\"page_item page-item-114\"><span style=\"color: #000000;\"><a style=\"color: #000000;\" href=\"https:\/\/vanitasespai.es\/estetica\/masajes\/\">Masajes<\/a><\/span><\/li>\n<li class=\"page_item page-item-117\"><span style=\"color: #000000;\"><a style=\"color: #000000;\" href=\"https:\/\/vanitasespai.es\/estetica\/micropigmentacion\/\">Micropigmentaci\u00f3n<\/a><\/span><\/li>\n<li class=\"page_item page-item-2760\"><span style=\"color: #000000;\"><a style=\"color: #000000;\" href=\"https:\/\/vanitasespai.es\/estetica\/peeling-e-higiene-facial\/\">Peeling e Higiene Facial<\/a><\/span><\/li>\n<li class=\"page_item page-item-2269\"><span style=\"color: #000000;\"><a style=\"color: #000000;\" href=\"https:\/\/vanitasespai.es\/estetica\/permanente-y-tinte\/\">Permanente y Tinte de Pesta\u00f1as y Cejas<\/a><\/span><\/li>\n<li class=\"page_item page-item-1343\"><span style=\"color: #000000;\"><a style=\"color: #000000;\" href=\"https:\/\/vanitasespai.es\/estetica\/tratamientos-corporales\/\">Tratamientos Corporales<\/a><\/span><\/li>\n<li class=\"page_item page-item-12\"><span style=\"color: #000000;\"><a style=\"color: #000000;\" href=\"https:\/\/vanitasespai.es\/estetica\/tratamientos-faciales\/\">Tratamientos Faciales<\/a><\/span><\/li>\n<\/ul>\n<\/li>\n<li class=\"page_item page-item-6959\"><span style=\"color: #000000;\"><a style=\"color: #000000;\" href=\"https:\/\/vanitasespai.es\/thank-you\/\">Gracias!<\/a><\/span><\/li>\n<li class=\"page_item page-item-6251 page_item_has_children\"><span style=\"color: #000000;\"><a style=\"color: #000000;\" href=\"https:\/\/vanitasespai.es\/novias\/\">Novias<\/a><\/span>\n<ul class=\"children\">\n<li class=\"page_item page-item-6312\"><span style=\"color: #000000;\"><a style=\"color: #000000;\" href=\"https:\/\/vanitasespai.es\/novias\/chic-beauty-party\/\">Chic Beauty Party<\/a><\/span><\/li>\n<\/ul>\n<\/li>\n<li class=\"page_item page-item-6641 page_item_has_children\"><span style=\"color: #000000;\"><a style=\"color: #000000;\" href=\"https:\/\/vanitasespai.es\/nuestras-marcas\/\">Nuestras Marcas<\/a><\/span>\n<ul class=\"children\">\n<li class=\"page_item page-item-8639\"><span style=\"color: #000000;\"><a style=\"color: #000000;\" href=\"https:\/\/vanitasespai.es\/nuestras-marcas\/balmain-hair\/\">Balmain Hair<\/a><\/span><\/li>\n<li class=\"page_item page-item-9190\"><span style=\"color: #000000;\"><a style=\"color: #000000;\" href=\"https:\/\/vanitasespai.es\/nuestras-marcas\/cnd\/\">CND<\/a><\/span><\/li>\n<li class=\"page_item page-item-10764\"><span style=\"color: #000000;\"><a style=\"color: #000000;\" href=\"https:\/\/vanitasespai.es\/nuestras-marcas\/david-mallett\/\">David Mallett<\/a><\/span><\/li>\n<li class=\"page_item page-item-6840\"><span style=\"color: #000000;\"><a style=\"color: #000000;\" href=\"https:\/\/vanitasespai.es\/nuestras-marcas\/hairdreams\/\">Hairdreams<\/a><\/span><\/li>\n<li class=\"page_item page-item-9176\"><span style=\"color: #000000;\"><a style=\"color: #000000;\" href=\"https:\/\/vanitasespai.es\/nuestras-marcas\/john-masters\/\">John Masters<\/a><\/span><\/li>\n<li class=\"page_item page-item-8630\"><span style=\"color: #000000;\"><a style=\"color: #000000;\" href=\"https:\/\/vanitasespai.es\/nuestras-marcas\/joico\/\">Joico<\/a><\/span><\/li>\n<li class=\"page_item page-item-6689\"><span style=\"color: #000000;\"><a style=\"color: #000000;\" href=\"https:\/\/vanitasespai.es\/nuestras-marcas\/lilu-cosmetique\/\">Lilu Cosmetique<\/a><\/span><\/li>\n<li class=\"page_item page-item-8651\"><span style=\"color: #000000;\"><a style=\"color: #000000;\" href=\"https:\/\/vanitasespai.es\/nuestras-marcas\/m2beaute\/\">M2Beaut\u00e9<\/a><\/span><\/li>\n<li class=\"page_item page-item-6691\"><span style=\"color: #000000;\"><a style=\"color: #000000;\" href=\"https:\/\/vanitasespai.es\/nuestras-marcas\/matriskin\/\">Matriskin<\/a><\/span><\/li>\n<li class=\"page_item page-item-13157\"><span style=\"color: #000000;\"><a style=\"color: #000000;\" href=\"https:\/\/vanitasespai.es\/nuestras-marcas\/miriam-quevedo\/\">Miriam Quevedo<\/a><\/span><\/li>\n<li class=\"page_item page-item-10244\"><span style=\"color: #000000;\"><a style=\"color: #000000;\" href=\"https:\/\/vanitasespai.es\/nuestras-marcas\/nioxin-2\/\">Nioxin<\/a><\/span><\/li>\n<li class=\"page_item page-item-10776\"><span style=\"color: #000000;\"><a style=\"color: #000000;\" href=\"https:\/\/vanitasespai.es\/nuestras-marcas\/olaplex\/\">Olaplex<\/a><\/span><\/li>\n<li class=\"page_item page-item-6700\"><span style=\"color: #000000;\"><a style=\"color: #000000;\" href=\"https:\/\/vanitasespai.es\/nuestras-marcas\/philip-martins\/\">Philip Martin\u2019s<\/a><\/span><\/li>\n<li class=\"page_item page-item-6697\"><span style=\"color: #000000;\"><a style=\"color: #000000;\" href=\"https:\/\/vanitasespai.es\/nuestras-marcas\/sassoon\/\">Sassoon<\/a><\/span><\/li>\n<li class=\"page_item page-item-9185\"><span style=\"color: #000000;\"><a style=\"color: #000000;\" href=\"https:\/\/vanitasespai.es\/nuestras-marcas\/shellac\/\">Shellac<\/a><\/span><\/li>\n<li class=\"page_item page-item-10772\"><span style=\"color: #000000;\"><a style=\"color: #000000;\" href=\"https:\/\/vanitasespai.es\/nuestras-marcas\/truffle-hair\/\">Truffle<\/a><\/span><\/li>\n<li class=\"page_item page-item-10233\"><span style=\"color: #000000;\"><a style=\"color: #000000;\" href=\"https:\/\/vanitasespai.es\/nuestras-marcas\/vnt-eyelash-extensions\/\">Vanitas Eyelash Extensions<\/a><\/span><\/li>\n<li class=\"page_item page-item-9195\"><span style=\"color: #000000;\"><a style=\"color: #000000;\" href=\"https:\/\/vanitasespai.es\/nuestras-marcas\/vinylux\/\">Vinylux<\/a><\/span><\/li>\n<li class=\"page_item page-item-11180\"><span style=\"color: #000000;\"><a style=\"color: #000000;\" href=\"https:\/\/vanitasespai.es\/nuestras-marcas\/wherteimar\/\">Wherteimar<\/a><\/span><\/li>\n<\/ul>\n<\/li>\n<li class=\"page_item page-item-6572\"><span style=\"color: #000000;\"><a style=\"color: #000000;\" href=\"https:\/\/vanitasespai.es\/opina\/\">Opina<\/a><\/span><\/li>\n<li class=\"page_item page-item-973\"><span style=\"color: #000000;\"><a style=\"color: #000000;\" href=\"https:\/\/vanitasespai.es\/peinados-ladeados\/\">Peinados Ladeados<\/a><\/span><\/li>\n<li class=\"page_item page-item-971\"><span style=\"color: #000000;\"><a style=\"color: #000000;\" href=\"https:\/\/vanitasespai.es\/pelo-corto\/\">Pelo Corto<\/a><\/span><\/li>\n<li class=\"page_item page-item-1142 page_item_has_children\"><span style=\"color: #000000;\"><a style=\"color: #000000;\" href=\"https:\/\/vanitasespai.es\/peluqueria\/\">Peluquer\u00eda<\/a><\/span>\n<ul class=\"children\">\n<li class=\"page_item page-item-185\"><span style=\"color: #000000;\"><a style=\"color: #000000;\" href=\"https:\/\/vanitasespai.es\/peluqueria\/alisado-de-queratina\/\">Alisado de queratina<\/a><\/span><\/li>\n<li class=\"page_item page-item-6242\"><span style=\"color: #000000;\"><a style=\"color: #000000;\" href=\"https:\/\/vanitasespai.es\/peluqueria\/color\/\">Color<\/a><\/span><\/li>\n<li class=\"page_item page-item-6555\"><span style=\"color: #000000;\"><a style=\"color: #000000;\" href=\"https:\/\/vanitasespai.es\/peluqueria\/extension-de-pelo\/\">Extensi\u00f3n de Pelo<\/a><\/span><\/li>\n<li class=\"page_item page-item-183\"><span style=\"color: #000000;\"><a style=\"color: #000000;\" href=\"https:\/\/vanitasespai.es\/peluqueria\/lavado-peinado-corte\/\">Lavado, Peinado y Corte<\/a><\/span><\/li>\n<li class=\"page_item page-item-1235\"><span style=\"color: #000000;\"><a style=\"color: #000000;\" href=\"https:\/\/vanitasespai.es\/peluqueria\/maquillaje\/\">Maquillaje<\/a><\/span><\/li>\n<li class=\"page_item page-item-1200\"><span style=\"color: #000000;\"><a style=\"color: #000000;\" href=\"https:\/\/vanitasespai.es\/peluqueria\/mechas\/\">Mechas<\/a><\/span><\/li>\n<li class=\"page_item page-item-966\"><span style=\"color: #000000;\"><a style=\"color: #000000;\" href=\"https:\/\/vanitasespai.es\/peluqueria\/recogidos\/\">Recogidos<\/a><\/span><\/li>\n<li class=\"page_item page-item-11301\"><span style=\"color: #000000;\"><a style=\"color: #000000;\" href=\"https:\/\/vanitasespai.es\/peluqueria\/tratamiento-olaplex\/\">Tratamiento Olaplex<\/a><\/span><\/li>\n<li class=\"page_item page-item-1216\"><span style=\"color: #000000;\"><a style=\"color: #000000;\" href=\"https:\/\/vanitasespai.es\/peluqueria\/tratamientos-y-alisados\/\">Tratamientos y Alisados<\/a><\/span><\/li>\n<\/ul>\n<\/li>\n<li class=\"page_item page-item-4\"><span style=\"color: #000000;\"><a style=\"color: #000000;\" href=\"https:\/\/vanitasespai.es\/\">Peluquer\u00eda y Est\u00e9tica en Barcelona<\/a><\/span><\/li>\n<li class=\"page_item page-item-12036 page_item_has_children\"><span style=\"color: #000000;\"><a style=\"color: #000000;\" href=\"https:\/\/vanitasespai.es\/pestanas-y-cejas\/\">PESTA\u00d1AS Y CEJAS<\/a><\/span>\n<ul class=\"children\">\n<li class=\"page_item page-item-12121\"><span style=\"color: #000000;\"><a style=\"color: #000000;\" href=\"https:\/\/vanitasespai.es\/pestanas-y-cejas\/diseno-de-cejas\/\">Dise\u00f1o de Cejas<\/a><\/span><\/li>\n<li class=\"page_item page-item-8238\"><span style=\"color: #000000;\"><a style=\"color: #000000;\" href=\"https:\/\/vanitasespai.es\/pestanas-y-cejas\/extension-de-cejas-pelo-pelo\/\">EXTENSI\u00d3N DE CEJAS PELO A PELO<\/a><\/span><\/li>\n<li class=\"page_item page-item-1248\"><span style=\"color: #000000;\"><a style=\"color: #000000;\" href=\"https:\/\/vanitasespai.es\/pestanas-y-cejas\/extensiones-de-pestanas\/\">Extensiones de Pesta\u00f1as<\/a><\/span><\/li>\n<li class=\"page_item page-item-12040\"><span style=\"color: #000000;\"><a style=\"color: #000000;\" href=\"https:\/\/vanitasespai.es\/pestanas-y-cejas\/lifting-de-pestanas\/\">LIFTING DE PESTA\u00d1AS<\/a><\/span><\/li>\n<li class=\"page_item page-item-12134\"><span style=\"color: #000000;\"><a style=\"color: #000000;\" href=\"https:\/\/vanitasespai.es\/pestanas-y-cejas\/microblading\/\">Microblading<\/a><\/span><\/li>\n<li class=\"page_item page-item-12054\"><span style=\"color: #000000;\"><a style=\"color: #000000;\" href=\"https:\/\/vanitasespai.es\/pestanas-y-cejas\/permanente-y-tinte\/\">PERMANENTE Y TINTE DE PESTA\u00d1AS<\/a><\/span><\/li>\n<li class=\"page_item page-item-12048\"><span style=\"color: #000000;\"><a style=\"color: #000000;\" href=\"https:\/\/vanitasespai.es\/pestanas-y-cejas\/planchado-de-cejas\/\">PLANCHADO DE CEJAS<\/a><\/span><\/li>\n<li class=\"page_item page-item-12065\"><span style=\"color: #000000;\"><a style=\"color: #000000;\" href=\"https:\/\/vanitasespai.es\/pestanas-y-cejas\/tinte-de-cejas\/\">TINTE DE CEJAS<\/a><\/span><\/li>\n<\/ul>\n<\/li>\n<li class=\"page_item page-item-2098\"><span style=\"color: #000000;\"><a style=\"color: #000000;\" href=\"https:\/\/vanitasespai.es\/por-que-mechas-californianas\/\">Por qu\u00e9 Mechas Californianas<\/a><\/span><\/li>\n<li class=\"page_item page-item-1152\"><span style=\"color: #000000;\"><a style=\"color: #000000;\" href=\"https:\/\/vanitasespai.es\/reserva\/\">Reserva<\/a><\/span>\n<ul class=\"children\">\n<li class=\"page_item page-item-6823\"><span style=\"color: #000000;\"><a style=\"color: #000000;\" href=\"https:\/\/vanitasespai.es\/revistas-y-prensa\/vogue-belleza-04-2013\/\">VOGUE Belleza \u2013 04.2013<\/a><\/span><\/li>\n<\/ul>\n<\/li>\n<li class=\"page_item page-item-13072\"><span style=\"color: #000000;\"><a style=\"color: #000000;\" href=\"https:\/\/vanitasespai.es\/trabaja-con-nosotros\/\">Trabaja con nosotros<\/a><\/span><\/li>\n<li class=\"page_item page-item-1146 page_item_has_children\"><span style=\"color: #000000;\"><a style=\"color: #000000;\" href=\"https:\/\/vanitasespai.es\/unas\/\">U\u00f1as<\/a><\/span>\n<ul class=\"children\">\n<li class=\"page_item page-item-1559\"><span style=\"color: #000000;\"><a style=\"color: #000000;\" href=\"https:\/\/vanitasespai.es\/unas\/manicura\/\">Manicura<\/a><\/span><\/li>\n<li class=\"page_item page-item-1563\"><span style=\"color: #000000;\"><a style=\"color: #000000;\" href=\"https:\/\/vanitasespai.es\/unas\/pedicura\/\">Pedicura<\/a><\/span><\/li>\n<li class=\"page_item page-item-1564\"><span style=\"color: #000000;\"><a style=\"color: #000000;\" href=\"https:\/\/vanitasespai.es\/unas\/unas-esculpidas\/\">U\u00f1as Esculpidas<\/a><\/span><\/li>\n<\/ul>\n<\/li>\n<\/ul>\n","protected":false},"excerpt":{"rendered":"<p>Blog Bonos y regalos Cabello y Peinados Cosm\u00e9tica Facial Depilaci\u00f3n Eventos Extensiones de Pelo Lilu Cosmetique Maquillaje Masajes Matriskin Novedades Novias Peluquer\u00eda Pesta\u00f1as y Cejas Tendencias Tratamientos Corporales Tratamientos del Cabello Tratamientos Faciales U\u00f1as Aviso legal Blog Colecciones Colecciones 2013 Colecciones 2014 Colecciones 2015 Colecciones 2016 Colecciones 2017 Colecciones 2018 Conoce Vanitas Espai Contenidos Destacados [&hellip;]<\/p>\n","protected":false},"author":1,"featured_media":0,"parent":0,"menu_order":0,"comment_status":"closed","ping_status":"closed","template":"page-default.php","meta":{"_acf_changed":false,"_joinchat":[],"footnotes":""},"class_list":["post-17856","page","type-page","status-publish","hentry"],"acf":[],"yoast_head":"<!-- This site is optimized with the Yoast SEO plugin v26.1.1 - https:\/\/yoast.com\/wordpress\/plugins\/seo\/ -->\n<title>Vanitas Espai - Web map<\/title>\n<meta name=\"robots\" content=\"index, follow, max-snippet:-1, max-image-preview:large, max-video-preview:-1\" \/>\n<link rel=\"canonical\" href=\"https:\/\/vanitasespai.es\/en\/web-map\/\" \/>\n<meta property=\"og:locale\" content=\"en_US\" \/>\n<meta property=\"og:type\" content=\"article\" \/>\n<meta property=\"og:title\" content=\"Vanitas Espai - Web map\" \/>\n<meta property=\"og:description\" content=\"Blog Bonos y regalos Cabello y Peinados Cosm\u00e9tica Facial Depilaci\u00f3n Eventos Extensiones de Pelo Lilu Cosmetique Maquillaje Masajes Matriskin Novedades Novias Peluquer\u00eda Pesta\u00f1as y Cejas Tendencias Tratamientos Corporales Tratamientos del Cabello Tratamientos Faciales U\u00f1as Aviso legal Blog Colecciones Colecciones 2013 Colecciones 2014 Colecciones 2015 Colecciones 2016 Colecciones 2017 Colecciones 2018 Conoce Vanitas Espai Contenidos Destacados [&hellip;]\" \/>\n<meta property=\"og:url\" content=\"https:\/\/vanitasespai.es\/en\/web-map\/\" \/>\n<meta property=\"og:site_name\" content=\"Vanitas Espai\" \/>\n<meta property=\"article:modified_time\" content=\"2023-08-30T07:27:51+00:00\" \/>\n<meta property=\"og:image\" content=\"https:\/\/vanitasespai.es\/wp-content\/uploads\/2016\/11\/vanitas-2016-bg.jpg\" \/>\n\t<meta property=\"og:image:width\" content=\"1440\" \/>\n\t<meta property=\"og:image:height\" content=\"961\" \/>\n\t<meta property=\"og:image:type\" content=\"image\/jpeg\" \/>\n<meta name=\"twitter:card\" content=\"summary_large_image\" \/>\n<meta name=\"twitter:label1\" content=\"Est. reading time\" \/>\n\t<meta name=\"twitter:data1\" content=\"2 minutes\" \/>\n<script type=\"application\/ld+json\" class=\"yoast-schema-graph\">{\"@context\":\"https:\/\/schema.org\",\"@graph\":[{\"@type\":\"WebPage\",\"@id\":\"https:\/\/vanitasespai.es\/en\/web-map\/\",\"url\":\"https:\/\/vanitasespai.es\/en\/web-map\/\",\"name\":\"Vanitas Espai - Web map\",\"isPartOf\":{\"@id\":\"https:\/\/vanitasespai.es\/#website\"},\"datePublished\":\"2020-07-28T11:10:18+00:00\",\"dateModified\":\"2023-08-30T07:27:51+00:00\",\"breadcrumb\":{\"@id\":\"https:\/\/vanitasespai.es\/en\/web-map\/#breadcrumb\"},\"inLanguage\":\"en-US\",\"potentialAction\":[{\"@type\":\"ReadAction\",\"target\":[\"https:\/\/vanitasespai.es\/en\/web-map\/\"]}]},{\"@type\":\"BreadcrumbList\",\"@id\":\"https:\/\/vanitasespai.es\/en\/web-map\/#breadcrumb\",\"itemListElement\":[{\"@type\":\"ListItem\",\"position\":1,\"name\":\"Home\",\"item\":\"https:\/\/vanitasespai.es\/en\/\"},{\"@type\":\"ListItem\",\"position\":2,\"name\":\"Web map\"}]},{\"@type\":\"WebSite\",\"@id\":\"https:\/\/vanitasespai.es\/#website\",\"url\":\"https:\/\/vanitasespai.es\/\",\"name\":\"Vanitas Espai\",\"description\":\"Mejor sal\u00f3n de Peluquer\u00eda y Est\u00e9tica de Barcelona\",\"potentialAction\":[{\"@type\":\"SearchAction\",\"target\":{\"@type\":\"EntryPoint\",\"urlTemplate\":\"https:\/\/vanitasespai.es\/?s={search_term_string}\"},\"query-input\":{\"@type\":\"PropertyValueSpecification\",\"valueRequired\":true,\"valueName\":\"search_term_string\"}}],\"inLanguage\":\"en-US\"}]}<\/script>\n<!-- \/ Yoast SEO plugin. -->","yoast_head_json":{"title":"Vanitas Espai - Web map","robots":{"index":"index","follow":"follow","max-snippet":"max-snippet:-1","max-image-preview":"max-image-preview:large","max-video-preview":"max-video-preview:-1"},"canonical":"https:\/\/vanitasespai.es\/en\/web-map\/","og_locale":"en_US","og_type":"article","og_title":"Vanitas Espai - Web map","og_description":"Blog Bonos y regalos Cabello y Peinados Cosm\u00e9tica Facial Depilaci\u00f3n Eventos Extensiones de Pelo Lilu Cosmetique Maquillaje Masajes Matriskin Novedades Novias Peluquer\u00eda Pesta\u00f1as y Cejas Tendencias Tratamientos Corporales Tratamientos del Cabello Tratamientos Faciales U\u00f1as Aviso legal Blog Colecciones Colecciones 2013 Colecciones 2014 Colecciones 2015 Colecciones 2016 Colecciones 2017 Colecciones 2018 Conoce Vanitas Espai Contenidos Destacados [&hellip;]","og_url":"https:\/\/vanitasespai.es\/en\/web-map\/","og_site_name":"Vanitas Espai","article_modified_time":"2023-08-30T07:27:51+00:00","og_image":[{"width":1440,"height":961,"url":"https:\/\/vanitasespai.es\/wp-content\/uploads\/2016\/11\/vanitas-2016-bg.jpg","type":"image\/jpeg"}],"twitter_card":"summary_large_image","twitter_misc":{"Est. reading time":"2 minutes"},"schema":{"@context":"https:\/\/schema.org","@graph":[{"@type":"WebPage","@id":"https:\/\/vanitasespai.es\/en\/web-map\/","url":"https:\/\/vanitasespai.es\/en\/web-map\/","name":"Vanitas Espai - Web map","isPartOf":{"@id":"https:\/\/vanitasespai.es\/#website"},"datePublished":"2020-07-28T11:10:18+00:00","dateModified":"2023-08-30T07:27:51+00:00","breadcrumb":{"@id":"https:\/\/vanitasespai.es\/en\/web-map\/#breadcrumb"},"inLanguage":"en-US","potentialAction":[{"@type":"ReadAction","target":["https:\/\/vanitasespai.es\/en\/web-map\/"]}]},{"@type":"BreadcrumbList","@id":"https:\/\/vanitasespai.es\/en\/web-map\/#breadcrumb","itemListElement":[{"@type":"ListItem","position":1,"name":"Home","item":"https:\/\/vanitasespai.es\/en\/"},{"@type":"ListItem","position":2,"name":"Web map"}]},{"@type":"WebSite","@id":"https:\/\/vanitasespai.es\/#website","url":"https:\/\/vanitasespai.es\/","name":"Vanitas Espai","description":"Mejor sal\u00f3n de Peluquer\u00eda y Est\u00e9tica de Barcelona","potentialAction":[{"@type":"SearchAction","target":{"@type":"EntryPoint","urlTemplate":"https:\/\/vanitasespai.es\/?s={search_term_string}"},"query-input":{"@type":"PropertyValueSpecification","valueRequired":true,"valueName":"search_term_string"}}],"inLanguage":"en-US"}]}},"_links":{"self":[{"href":"https:\/\/vanitasespai.es\/en\/wp-json\/wp\/v2\/pages\/17856","targetHints":{"allow":["GET"]}}],"collection":[{"href":"https:\/\/vanitasespai.es\/en\/wp-json\/wp\/v2\/pages"}],"about":[{"href":"https:\/\/vanitasespai.es\/en\/wp-json\/wp\/v2\/types\/page"}],"author":[{"embeddable":true,"href":"https:\/\/vanitasespai.es\/en\/wp-json\/wp\/v2\/users\/1"}],"replies":[{"embeddable":true,"href":"https:\/\/vanitasespai.es\/en\/wp-json\/wp\/v2\/comments?post=17856"}],"version-history":[{"count":3,"href":"https:\/\/vanitasespai.es\/en\/wp-json\/wp\/v2\/pages\/17856\/revisions"}],"predecessor-version":[{"id":18882,"href":"https:\/\/vanitasespai.es\/en\/wp-json\/wp\/v2\/pages\/17856\/revisions\/18882"}],"wp:attachment":[{"href":"https:\/\/vanitasespai.es\/en\/wp-json\/wp\/v2\/media?parent=17856"}],"curies":[{"name":"wp","href":"https:\/\/api.w.org\/{rel}","templated":true}]}}