{"id":19774,"date":"2025-12-16T21:02:19","date_gmt":"2025-12-16T20:02:19","guid":{"rendered":"https:\/\/vanitasespai.es\/?page_id=19774"},"modified":"2025-12-16T21:02:19","modified_gmt":"2025-12-16T20:02:19","slug":"politica-de-privacitat","status":"publish","type":"page","link":"https:\/\/vanitasespai.es\/ca\/politica-de-privacitat\/","title":{"rendered":"Pol\u00edtica de privacitat"},"content":{"rendered":"<p><b>Data d&#8217;actualitzaci\u00f3: 30 d&#8217;octubre del 2025<\/b><span style=\"font-weight: 400;\"><br \/>\n<\/span><b>\u00c0mbit:<\/b><span style=\"font-weight: 400;\"> aquesta Pol\u00edtica s&#8217;aplica a <\/span><a href=\"https:\/\/vanitasespai.es\/ca\/\"><b>https:\/\/vanitasespai.es\/<\/b><\/a><span style=\"font-weight: 400 <\/span><b>https:\/\/shop.vanitasespai.es\/<\/b><span style=\"font-weight: 400;\"> (botiga en l\u00ednia).<\/span><\/p>\n<h2><span style=\"font-weight: 400;\">1) Responsable del tractament<\/span><\/h2>\n<ul>\n<li style=\"font-weight: 400;\" aria-level=\"1\"><b>Responsable:<\/b><span style=\"font-weight: 400;\"> VANITAS ESPAI, S.L. (CIF B66851791)<\/span><\/li>\n<li style=\"font-weight: 400;\" aria-level=\"1\"><b>Domicili:<\/b><span style=\"font-weight: 400;\"> C\/ Par\u00eds, 204 \u2013 08008 Barcelona (Espanya)<\/span><\/li>\n<li style=\"font-weight: 400;\" aria-level=\"1\"><b>Email de contacte (privadesa):<\/b><span style=\"font-weight: 400;\"> info@vanitasespai.com<\/span><\/li>\n<li style=\"font-weight: 400;\" \u00e0ria-level=\"1\"><b>Tel\u00e8fon:<\/b><span style=\"font-weight: 400;\"> +34 933 682 555<\/span><\/li>\n<\/ul>\n<p>&nbsp;<\/p>\n<h2><span style=\"font-weight: 400;\">2) Tractaments<\/span><\/h2>\n<h4><span style=\"font-weight: 400;\">2.1. <\/span><b>Gesti\u00f3 de cites i peticions de reserva<\/b><span style=\"font-weight: 400;\"> (formulari \u201cReserva\u201d a vanitasespai.es)<\/span><\/h4>\n<ul>\n<li style=\"font-weight: 400;\" aria-level=\"1\"><b>Dades:<\/b><span style=\"font-weight: 400;\"> nom i cognoms, tel\u00e8fon, email, prefer\u00e8ncies de data\/hora, servei desitjat, primera visita, com ens va con\u00e8ixer, prefer\u00e8ncies de professional i comentaris.<\/span><\/li>\n<li style=\"font-weight: 400;\" aria-level=\"1\"><b>Finalitat:<\/b><span style=\"font-weight: 400;\"> gestionar la seva <\/span><b>petici\u00f3 de cita<\/b><span style=\"font-weight: 400;\"> i respondre a la seva sol\u00b7licitud; coordinar i confirmar disponibilitat; gesti\u00f3 de canvis\/cancel\u00b7lacions i atenci\u00f3 associada.<\/span><\/li>\n<li style=\"font-weight: 400;\" aria-level=\"1\"><b>Base jur\u00eddica:<\/b> <b>execuci\u00f3 de mesures precontractuals<\/b><span style=\"font-weight: 400;\"> i\/o <\/span><b>contracte<\/b><span style=\"font-weight: 400;\">.(art.\n<li style=\"font-weight: 400;\" aria-level=\"1\"><b>Conservaci\u00f3:<\/b><span style=\"font-weight: 400;\"> mentre duri la gesti\u00f3 de la cita i, si escau, incorporat a l&#8217;historial de client <\/span><b>fins a 6 anys<\/b><span style=\"font-weight: 400;\" <\/span><b>4 anys<\/b><span style=\"font-weight: 400;\"> (fiscals) si deriva en compra\/servei; si no, <\/span><b>fins a 12 mesos<\/b><span style=\"font-weight: 400;\"> per a tra\u00e7abilitat de comunicacions i prevenci\u00f3 de duplicitats.<\/span><\/li>\n<li style=\"font-weight: 400;\" aria-level=\"1\"><b>Destinataris:<\/b><span style=\"font-weight: 400;\"> eines de <\/span><b>hosting<\/b><span style=\"font-weight: 400;\">, correu, prove\u00efdor de formularis i <\/span><b>missatgeria\/Whats 400;&#8221;> quan l&#8217;usuari esculli aquest canal; <\/span><b>no<\/b><span style=\"font-weight: 400;\"> se cedeixen dades a tercers excepte obligaci\u00f3 legal\/consentiment.<\/span><\/li>\n<\/ul>\n<h3><\/h3>\n<h4><span style=\"font-weight: 400;\">2.2. <\/span><b>Atenci\u00f3 al client i comunicacions<\/b><span style=\"font-weight: 400;\"> (email, tel\u00e8fon i WhatsApp)<\/span><\/h4>\n<ul>\n<li style=\"font-weight: 400;\" aria-level=\"1\"><b>Dades:<\/b><span style=\"font-weight: 400;\"> identificatius i de contacte, contingut de les consultes, metadades de comunicaci\u00f3.<\/span><\/li>\n<li style=\"font-weight: 400;\" aria-level=\"1\"><b>Finalitat:<\/b><span style=\"font-weight: 400;\"> atendre consultes, incid\u00e8ncies, reclamacions i postvenda; tra\u00e7abilitat de comunicacions.<\/span><\/li>\n<li style=\"font-weight: 400;\" aria-level=\"1\"><b>Base jur\u00eddica:<\/b> <b>inter\u00e8s leg\u00edtim<\/b><span style=\"font-weight: 400;\"> en atendre&#8217;l i gestionar la relaci\u00f3 (art. 6.1.f RGPD) i\/o <\/span><b>contracte<\/b><span vinculada a una comanda\/cita (art. 6.1.b RGPD).<\/span><\/li>\n<li style=\"font-weight: 400;\" aria-level=\"1\"><b>Conservaci\u00f3:<\/b><span style=\"font-weight: 400;\"> durant la relaci\u00f3 i <\/span><b>fins a 3 anys<\/b><span style=\"font-weight: 400;\"> per possibles responsabilitats; reclamacions legals segons terminis aplicables.<\/span><\/li>\n<li style=\"font-weight: 400;\" aria-level=\"1\"><b>Destinataris:<\/b><span style=\"font-weight: 400;\"> prove\u00efdor de correu\/telefonia i <\/span><b>WhatsApp<\/b><span style=\"font-weight: 400;\"> (quan es fa servir).<\/span><\/li>\n<li style=\"font-weight: 400;\" aria-level=\"1\"><b>Notes sobre WhatsApp:<\/b><span style=\"font-weight: 400;\"> en escriure&#8217;ns per WhatsApp, accepta les <\/span><b>condicions d&#8217;aquest servei<\/b><span style=\"font-weight: 400;\">; us recomanem no compartir informaci\u00f3 sensible per aquest canal.<\/span><\/li>\n<\/ul>\n<h3><\/h3>\n<h4><span style=\"font-weight: 400;\">2.3. <\/span><b>Venda online i log\u00edstica<\/b><span style=\"font-weight: 400;\"> (shop.vanitasespai.es \u2013 WooCommerce)<\/span><\/h4>\n<ul>\n<li style=\"font-weight: 400;\" aria-level=\"1\"><b>Dades:<\/b><span style=\"font-weight: 400;\"> identificatius i contacte, adre\u00e7a d&#8217;enviament\/facturaci\u00f3, NIF\/DNI (si factura), productes comprats, m\u00e8todes de pagament (token\/ID de transacci\u00f3, <\/span><b>sense dades completes de targeta<\/span> 400;&#8221;>), estat de la comanda, devolucions i garanties.<\/span><\/li>\n<li style=\"font-weight: 400;\" aria-level=\"1\"><b>Finalitat:<\/b><span style=\"font-weight: 400;\"> tramitar comandes, cobrament, facturaci\u00f3, entrega, devolucions\/garanties i servei postvenda.<\/span><\/li>\n<li style=\"font-weight: 400;\" aria-level=\"1\"><b>Base jur\u00eddica:<\/b> <b>contracte<\/b><span style=\"font-weight: 400;\"> (art. 6.1.b RGPD) i <\/span><b>obligaci\u00f3 legal<\/b><span style=\"font-weight: 400;\" 6.1.c).<\/span><\/li>\n<li style=\"font-weight: 400;\" aria-level=\"1\"><b>Conservaci\u00f3:<\/b><span style=\"font-weight: 400;\">documentaci\u00f3 mercantil\/fiscal <\/span><b>6 anys<\/b><span style=\"font-weight: 400;\"> (C\u00f3d. Comer\u00e7) i <\/span><b><b> 400;&#8221;> (norma tribut\u00e0ria); historial de compres mentre sigui client actiu i, despr\u00e9s d&#8217;aix\u00f2, bloquejat per terminis de prescripci\u00f3.<\/span><\/li>\n<li style=\"font-weight: 400;\" aria-level=\"1\"><b>Destinataris:<\/b> <b>passarel\u00b7les de pagament<\/b><span style=\"font-weight: 400;\"> (TPV bancari i PayPal), <\/span><b>operadors log\u00edstics<\/b><span style=\"font-weight:\/40 <\/span><b>prove\u00efdor de hosting\/plataforma<\/b><span style=\"font-weight: 400;\"> (WordPress\/WooCommerce), suport t\u00e8cnic i administraci\u00f3 tribut\u00e0ria quan escaigui.<\/span><\/li>\n<\/ul>\n<h3><\/h3>\n<h4><span style=\"font-weight: 400;\">2.4. <\/span><b>Targetes regal i bescanvi<\/b><\/h4>\n<ul>\n<li style=\"font-weight: 400;\" aria-level=\"1\"><b>Dades:<\/b><span style=\"font-weight: 400;\"> comprador (identificaci\u00f3\/contacte), import\/codi de la targeta, data de compra, <\/span><b>beneficiari<\/b><span style=\"font-weight: 400;\">\n<li style=\"font-weight: 400;\" aria-level=\"1\"><b>Finalitat:<\/b><span style=\"font-weight: 400;\"> venda, emissi\u00f3, activaci\u00f3 i control de <\/span><b>targetes regal<\/b><span style=\"font-weight: 400;\">; gesti\u00f3 de canvis i atenci\u00f3 associada.<\/span><\/li>\n<li style=\"font-weight: 400;\" \u00e0ria-level=\"1\"><b>Base jur\u00eddica:<\/b> <b>contracte<\/b><span style=\"font-weight: 400;\"> (art. 6.1.b RGPD).<\/span><\/li>\n<li style=\"font-weight: 400;\" aria-level=\"1\"><b>Conservaci\u00f3:<\/b><span style=\"font-weight: 400;\"> durant la <\/span><b>vig\u00e8ncia<\/b><span style=\"font-weight: 400;\"> de la targeta i, despr\u00e9s de la caducitat\/bescanvi, pels terminis mercants<\/s>\n<li style=\"font-weight: 400;\" aria-level=\"1\"><b>Destinataris:<\/b><span style=\"font-weight: 400;\"> passarel\u00b7les de pagament, prove\u00efdor d&#8217;ecommerce i, si escau, sistemes interns de bescanvi al sal\u00f3.<\/span><\/li>\n<\/ul>\n<h3><\/h3>\n<h4><span style=\"font-weight: 400;\">2.5. <\/span><b>Selecci\u00f3 de personal<\/b><span style=\"font-weight: 400;\"> (formulari \u201cTreballa amb nosaltres\u201d a vanitasespai.es)<\/span><\/h4>\n<ul>\n<li style=\"font-weight: 400;\" aria-level=\"1\"><b>Dades:<\/b><span style=\"font-weight: 400;\"> identificaci\u00f3 i contacte, <\/span><b>CV<\/b><span style=\"font-weight: 400;\"> (experi\u00e8ncia, formaci\u00f3, refer\u00e8ncies), disponibilitat\/incorporaci\u00f3, nivell d&#8217;idiomes\n<li style=\"font-weight: 400;\" aria-level=\"1\"><b>Finalitat:<\/b><span style=\"font-weight: 400;\"> gesti\u00f3 de <\/span><b>processos de selecci\u00f3<\/b><span style=\"font-weight: 400;\">, valoraci\u00f3 de candidatures presents i futures.<\/span><\/li>\n<li style=\"font-weight: 400;\" \u00e0ria-level=\"1\"><b>Base jur\u00eddica:<\/b><span style=\"font-weight: 400;\"> Adopci\u00f3 de <\/span><b>Mesures precontractuals<\/b><span style=\"font-weight: 400;\"> (art. 6.1.b RGPD) <\/span>\n<li style=\"font-weight: 400;\" aria-level=\"1\"><b>Conservaci\u00f3:<\/b> <b>12 mesos<\/b><span style=\"font-weight: 400;\"> des de l&#8217;\u00faltima actualitzaci\u00f3 o fins que retiri el consentiment.<\/span><\/li>\n<li style=\"font-weight: 400;\" aria-level=\"1\"><b>Notes:<\/b><span style=\"font-weight: 400;\"> no sol\u00b7liciteu dades especialment protegides; si els inclouen, s&#8217;entendran <\/span><b>no requerits<\/b><span style=\"font-weight: 400;\"> i podran ser suprimits.<\/span><\/li>\n<\/ul>\n<h3><\/h3>\n<h4><span style=\"font-weight: 400;\">2.6. <\/span><b>Comunicacions comercials<\/b><\/h4>\n<ul>\n<li style=\"font-weight: 400;\" aria-level=\"1\"><b>Dades:<\/b><span style=\"font-weight: 400;\"> email i, si escau, nom; hist\u00f2ric d&#8217;enviaments\/obertures si es fa servir una eina de mailing.<\/span><\/li>\n<li style=\"font-weight: 400;\" aria-level=\"1\"><b>Finalitat:<\/b><span style=\"font-weight: 400;\"> enviament de <\/span><b>promocions, novetats<\/b><span style=\"font-weight: 400;\"> i recomanacions relacionades amb productes o serveis de Vanitas\n<li style=\"font-weight: 400;\" \u00e0ria-level=\"1\"><b>Base jur\u00eddica:<\/b> <b>consentiment<\/b><span style=\"font-weight: 400;\"> (art. 6.1.a). En clients, podrem enviar comunicacions sobre <\/span><b>productes\/serveis similars<\/b><span style=\"font-weight: 400;\"> d&#8217;acord amb <\/span><b>art. 21.2 LSSI<\/b><span style=\"font-weight: 400;\">, amb dret a oposar-se a cada enviament.<\/span><\/li>\n<li style=\"font-weight: 400;\" aria-level=\"1\"><b>Conservaci\u00f3:<\/b><span style=\"font-weight: 400;\"> mentre mantingui el consentiment o fins que s&#8217;hi oposi.<\/span><\/li>\n<li style=\"font-weight: 400;\" aria-level=\"1\"><b>Destinataris:<\/b><span style=\"font-weight: 400;\"> prove\u00efdor d&#8217;email m\u00e0rqueting, si s&#8217;utilitza.<\/span><\/li>\n<\/ul>\n<h3><\/h3>\n<h4><span style=\"font-weight: 400;\">2.7. <\/span><b>Gesti\u00f3 de ressenyes i testimonis<\/b><\/h4>\n<ul>\n<li style=\"font-weight: 400;\" aria-level=\"1\"><b>Dades:<\/b><span style=\"font-weight: 400;\"> nom\/\u00e0lies mostrat, contingut de la ressenya, data i valoraci\u00f3 (p.ex., estrelles). Si la ressenya prov\u00e9 de <\/span><b>plataformes de tercers<\/b><span style=\"font-weight: 400;\"> (Google, Facebook o altres), es podran tractar <\/span><b>metadades<\/b><span style=\"font-weight: 400;\"> associats al dispositiu, wid, corresponent.<\/span><\/li>\n<li style=\"font-weight: 400;\" aria-level=\"1\"><b>Finalitat:<\/b><span style=\"font-weight: 400;\"> mostrar opinions sobre els nostres productes i serveis al Lloc; <\/span><b>moderar o retirar<\/b><span style=\"font-weight: 400;\"> continguts il\u00b7l\u00edcits, ofensius o contraris a drets; atendre <\/span><b>sol\u00b7licituds de retirada<\/b><span style=\"font-weight: 400;\">; garantir la <\/span><b>transpar\u00e8ncia<\/b><span style=\"font-weight: 400;\"> sobre l&#8217;origen de les ressenyes.<\/span><\/li>\n<li style=\"font-weight: 400;\" \u00e0ria-level=\"1\"><b>Base jur\u00eddica:<\/b>\n<ul>\n<li style=\"font-weight: 400;\" aria-level=\"2\"><b>Inter\u00e8s leg\u00edtim<\/b><span style=\"font-weight: 400;\"> (art. 6.1.f RGPD) a informar potencials clients mitjan\u00e7ant opinions sobre productes\/serveis ia protegir la comunitat davant d&#8217;abusos.<\/span><\/li>\n<li style=\"font-weight: 400;\" aria-level=\"2\"><b>Consentiment<\/b><span style=\"font-weight: 400;\"> (art. 6.1.a) quan l&#8217;usuari ens <\/span><b>envia directament<\/b><span style=\"font-weight: 400;\"> la seva ressenya a trav\u00e9s d&#8217;un formulari.\n<\/ul>\n<\/li>\n<li style=\"font-weight: 400;\" aria-level=\"1\"><b>Origen de les dades:<\/b><span style=\"font-weight: 400;\"> les ressenyes poden <\/span><b>procedir de tercers<\/b><span style=\"font-weight: 400;\"> (Google\/Facebook o altres plataformes). En aquests casos, <\/span><b>VANITAS ESPAI, S.L. no verifica l&#8217;autenticitat<\/b><span style=\"font-weight: 400;\"> de les ressenyes ni garanteix que les hagi em\u00e8s un consumidor real; la <\/span><b>verificaci\u00f3<\/b><span style=\"font-weight: 400;\"> correspon, si escau, al <\/span><b>titular de la plataforma<\/b><span style=\"font-weight: 400;\"> d&#8217;acord amb els seus termes. Quan les ressenyes es recullen a trav\u00e9s d&#8217;un <\/span><b>formulari propi<\/b><span style=\"font-weight: 400;\">, podrem realitzar comprovacions (p. ex., n\u00famero de comanda) i aix\u00ed ho indicarem.<\/span><\/li>\n<li style=\"font-weight: 400;\" aria-level=\"1\"><b>Conservaci\u00f3:<\/b><span style=\"font-weight: 400;\"> mentre resultin <\/span><b>rellevants<\/b><span style=\"font-weight: 400;\"> per als fins descrits o fins que l&#8217;interessat <\/span><b style=\"font-weight: 400;\"> per motius leg\u00edtims; els registres de moderaci\u00f3 es conservaran pels <\/span><b>terminis de prescripci\u00f3<\/b><span style=\"font-weight: 400;\"> aplicables.<\/span><\/li>\n<li style=\"font-weight: 400;\" aria-level=\"1\"><b>Destinataris:<\/b><span style=\"font-weight: 400;\"> prove\u00efdors de <\/span><b>hosting<\/b><span style=\"font-weight: 400;\"> i de la <\/span><b>plataforma<\/b><s0 Lloc; quan s'embauten ginys de tercers, els <\/span><b>titulars d&#8217;aquestes plataformes<\/b><span style=\"font-weight: 400;\"> (p. ex., Google\/Facebook) tracten dades com <\/span><b>responsables independents<\/b><span style=\". \n\n\n<li style=\"font-weight: 400;\" aria-level=\"1\"><b>Transfer\u00e8ncies internacionals:<\/b><span style=\"font-weight: 400;\"> si els widgets o plataformes operen <\/span><b>fora de l&#8217;EEE<\/b><span style=\"font-weight: 400;\">, es poden produir transfer\u00e8ncies <\/span><b>garanties<\/b><span style=\"font-weight: 400;\"> (p. ex., Cl\u00e0usules Contractuals Tipus). Consulteu la <\/span><b>Pol\u00edtica de galetes<\/b><span style=\"font-weight: 400;\"> i les pol\u00edtiques de privadesa de cada plataforma.<\/span><\/li>\n<\/ul>\n<h3><\/h3>\n<h4><span style=\"font-weight: 400;\">2.8. <\/span><b>Anal\u00edtica web i cookies<\/b><\/h4>\n<ul>\n<li style=\"font-weight: 400;\" aria-level=\"1\"><b>Dades:<\/b><span style=\"font-weight: 400;\"> identificadors en l\u00ednia, IP, esdeveniments de navegaci\u00f3, dispositiu\/OS, p\u00e0gines visitades (dades <\/span><b>pseudonimitzades\/an\u00f2nimes<\/b><span style=\"font-weight configuraci\u00f3).<\/span><\/li>\n<li style=\"font-weight: 400;\" aria-level=\"1\"><b>Finalitat:<\/b><span style=\"font-weight: 400;\"> mesurar \u00fas del lloc, detectar errors i millorar l&#8217;experi\u00e8ncia.<\/span><\/li>\n<li style=\"font-weight: 400;\" aria-level=\"1\"><b>Base jur\u00eddica:<\/b> <b>consentiment<\/b><span style=\"font-weight: 400;\"> a cookies d&#8217;anal\u00edtica\/marketing (art. 6.1.a) mitjan\u00e7ant el banner\/gestor de cookies.<\/span><\/li>\n<li style=\"font-weight: 400;\" aria-level=\"1\"><b>Conservaci\u00f3:<\/b><span style=\"font-weight: 400;\"> segons caducitat de cada galeta o fins i tot revocaci\u00f3 del consentiment.<\/span><\/li>\n<li style=\"font-weight: 400;\" aria-level=\"1\"><b>M\u00e9s informaci\u00f3:<\/b><span style=\"font-weight: 400;\"> veure <\/span><b>Pol\u00edtica de galetes<\/b><span style=\"font-weight: 400;\">.<\/span><\/li>\n<\/ul>\n<h3><\/h3>\n<h4><span style=\"font-weight: 400;\">2.9. <\/span><b>Seguretat i prevenci\u00f3 del frau<\/b><\/h4>\n<ul>\n<li style=\"font-weight: 400;\" aria-level=\"1\"><b>Dades:<\/b><span style=\"font-weight: 400;\"> registres t\u00e8cnics i d&#8217;acc\u00e9s, esdeveniments de seguretat, verificaci\u00f3 antifrau en pagaments.<\/span><\/li>\n<li style=\"font-weight: 400;\" aria-level=\"1\"><b>Finalitat:<\/b><span style=\"font-weight: 400;\"> preservar la seguretat del Lloc i de les transaccions; prevenir usos indeguts o fraudulents.<\/span><\/li>\n<li style=\"font-weight: 400;\" \u00e0ria-level=\"1\"><b>Base jur\u00eddica:<\/b> <b>inter\u00e8s leg\u00edtim<\/b><span style=\"font-weight: 400;\"> (art. 6.1.f RGPD).<\/span><\/li>\n<li style=\"font-weight: 400;\" aria-level=\"1\"><b>Conservaci\u00f3:<\/b><span style=\"font-weight: 400;\"> logs t\u00e8cnics <\/span><b>fins a 12 mesos<\/b><span style=\"font-weight: 400;\"> excepte incid\u00e8ncies que requereixin conservaci\u00f3 addicional.<\/s>\n<\/ul>\n<p>&nbsp;<\/p>\n<h2><span style=\"font-weight: 400;\">3) Destinataris i encarregats de tractament<\/span><\/h2>\n<ul>\n<li style=\"font-weight: 400;\" aria-level=\"1\"><b>Tecnologia i hosting:<\/b><span style=\"font-weight: 400;\"> prove\u00efdor de <\/span><b>allotjament web<\/b><span style=\"font-weight: 400;\">, manteniment i suport (WordPress\/WooCommerce\n<li style=\"font-weight: 400;\" aria-level=\"1\"><b>Pagament:<\/b> <b>TPV bancari<\/b><span style=\"font-weight: 400;\"> i <\/span><b>PayPal<\/b><span style=\"font-weight: 400;\"> processen pagaments de forma segura (actuen com <\/s><b> style=&#8221;font-weight: 400;&#8221;> de les seves pr\u00f2pies operacions).<\/span><\/li>\n<li style=\"font-weight: 400;\" aria-level=\"1\"><b>Log\u00edstica:<\/b><span style=\"font-weight: 400;\"> empreses de <\/span><b>missatgeria\/transport<\/b><span style=\"font-weight: 400;\"> per al lliurament i la gesti\u00f3 d&#8217;incid\u00e8ncies.<\/span><\/li>\n<li style=\"font-weight: 400;\" aria-level=\"1\"><b>Comunicacions:<\/b><span style=\"font-weight: 400;\"> prove\u00efdor de correu i, si s&#8217;utilitza, servei de <\/span><b>email m\u00e0rqueting<\/b><span style=\"font-weight: 400;\">.<\/span><\/li>\n<li style=\"font-weight: 400;\" \u00e0ria-level=\"1\"><b>Altres:<\/b><span style=\"font-weight: 400;\"> administraci\u00f3 p\u00fablica i autoritats quan existeixi <\/span><b>obligaci\u00f3 legal<\/b><span style=\"font-weight: 400;\">.<\/span><\/li>\n<\/ul>\n<h2><span style=\"font-weight: 400;\">4) Transfer\u00e8ncies internacionals<\/span><\/h2>\n<p><span style=\"font-weight: 400;\">Si algun prove\u00efdor presta serveis des de <\/span><b>fora de l&#8217;EEE<\/b><span style=\"font-weight: 400;\"> (p. ex., determinades funcions de <\/span><b>PayPal<\/b><span style=\" font-weight:\" missatgeria\/anal\u00edtica), s'aplicaran garanties adequades<\/b><span style=\"font-weight: 400;\"> (p. ex., <\/span><b>Cl\u00e0usules contractuals Tipus<\/b><span style=\"font-weight: 400;\">. Podeu consultar les pol\u00edtiques de privadesa de cada prove\u00efdor.<\/span><\/p>\n<h2><span style=\"font-weight: 400;\">5) Drets de les persones<\/span><\/h2>\n<p><span style=\"font-weight: 400;\">Podeu exercir <\/span><b>acc\u00e9s, rectificaci\u00f3, supressi\u00f3, oposici\u00f3, limitaci\u00f3 i portabilitat<\/b><span style=\"font-weight: 400;\"> enviant un correu electr\u00f2nic a <\/span><b>info@vanitasespai.com 400;&#8221;> o per correu postal al domicili del Responsable, indicant l&#8217;assumpte \u201cProtecci\u00f3 de dades&#8221; i identificant-se. Si no esteu d&#8217;acord amb el tractament, podeu presentar reclamaci\u00f3 davant la <\/span><b>Ag\u00e8ncia Espanyola de Protecci\u00f3 de Dades (AEPD)<\/b><span style=\"font-weight: 400;\">.<\/span><\/p>\n<h2><span style=\"font-weight: 400;\">6) Font de les dades<\/span><\/h2>\n<p><span style=\"font-weight: 400;\">Les dades procedeixen del <\/span><b>interessat<\/b><span style=\"font-weight: 400;\"> (formularis, compra en l\u00ednia, comunicacions) i de sistemes autom\u00e0tics del Lloc (cookies, logs). No s&#8217;obtenen de fonts p\u00fabliques.<\/span><\/p>\n<h2><span style=\"font-weight: 400;\">7) Menors<\/span><\/h2>\n<p><span style=\"font-weight: 400;\">Els nostres serveis estan dirigits a <\/span><b>majors de 18 anys<\/b><span style=\"font-weight: 400;\">. Si detectem dades de menors sense autoritzaci\u00f3, s&#8217;eliminaran.<\/span><\/p>\n<h2><span style=\"font-weight: 400;\">8) Mesures de seguretat<\/span><\/h2>\n<p><span style=\"font-weight: 400;\">Apliquem mesures <\/span><b>t\u00e8cniques i organitzatives<\/b><span style=\"font-weight: 400;\"> apropiades (control d&#8217;accessos, xifrat en tr\u00e0nsit, c\u00f2pies de seguretat, minimitzaci\u00f3 i pseudonimitzaci\u00f3 quan escaigui). Les <\/span><b>passarel\u00b7les de pagament<\/b><span style=\"font-weight: 400;\"> operen en entorns segurs; no emmagatzemem dades completes de targetes.<\/span><\/p>\n<h2><span style=\"font-weight: 400;\">9) Canvis en aquesta pol\u00edtica<\/span><\/h2>\n<p><span style=\"font-weight: 400;\">Podrem <\/span><b>modificar<\/b><span style=\"font-weight: 400;\"> aquesta Pol\u00edtica per reflectir canvis normatius o operatius. La versi\u00f3 vigent ser\u00e0 la publicada amb la seva <\/span><b>data d&#8217;actu<\/p>\n","protected":false},"excerpt":{"rendered":"<p>Data d&#8217;actualitzaci\u00f3: 30 d&#8217;octubre del 2025 \u00c0mbit: aquesta Pol\u00edtica s&#8217;aplica a https:\/\/vanitasespai.es\/ o per correu postal al domicili del Responsable, indicant l&#8217;assumpte \u201cProtecci\u00f3 de dades&#8221; i identificant-se. Si no esteu d&#8217;acord amb el tractament, podeu presentar reclamaci\u00f3 davant la Ag\u00e8ncia Espanyola de Protecci\u00f3 de Dades (AEPD). 6) Font de les dades Les dades procedeixen del [&hellip;]<\/p>\n","protected":false},"author":1,"featured_media":0,"parent":0,"menu_order":0,"comment_status":"closed","ping_status":"closed","template":"page-default.php","meta":{"_acf_changed":false,"_joinchat":[],"footnotes":""},"class_list":["post-19774","page","type-page","status-publish","hentry"],"acf":[],"yoast_head":"<!-- This site is optimized with the Yoast SEO plugin v26.1.1 - https:\/\/yoast.com\/wordpress\/plugins\/seo\/ -->\n<title>Vanitas Espai - Pol\u00edtica de privacitat<\/title>\n<meta name=\"robots\" content=\"index, follow, max-snippet:-1, max-image-preview:large, max-video-preview:-1\" \/>\n<link rel=\"canonical\" href=\"https:\/\/vanitasespai.es\/ca\/politica-de-privacitat\/\" \/>\n<meta property=\"og:locale\" content=\"ca_ES\" \/>\n<meta property=\"og:type\" content=\"article\" \/>\n<meta property=\"og:title\" content=\"Vanitas Espai - Pol\u00edtica de privacitat\" \/>\n<meta property=\"og:description\" content=\"Data d&#8217;actualitzaci\u00f3: 30 d&#8217;octubre del 2025 \u00c0mbit: aquesta Pol\u00edtica s&#8217;aplica a https:\/\/vanitasespai.es\/ o per correu postal al domicili del Responsable, indicant l&#8217;assumpte \u201cProtecci\u00f3 de dades&#8221; i identificant-se. Si no esteu d&#8217;acord amb el tractament, podeu presentar reclamaci\u00f3 davant la Ag\u00e8ncia Espanyola de Protecci\u00f3 de Dades (AEPD). 6) Font de les dades Les dades procedeixen del [&hellip;]\" \/>\n<meta property=\"og:url\" content=\"https:\/\/vanitasespai.es\/ca\/politica-de-privacitat\/\" \/>\n<meta property=\"og:site_name\" content=\"Vanitas Espai\" \/>\n<meta property=\"og:image\" content=\"https:\/\/vanitasespai.es\/wp-content\/uploads\/2016\/11\/vanitas-2016-bg.jpg\" \/>\n\t<meta property=\"og:image:width\" content=\"1440\" \/>\n\t<meta property=\"og:image:height\" content=\"961\" \/>\n\t<meta property=\"og:image:type\" content=\"image\/jpeg\" \/>\n<meta name=\"twitter:card\" content=\"summary_large_image\" \/>\n<script type=\"application\/ld+json\" class=\"yoast-schema-graph\">{\"@context\":\"https:\/\/schema.org\",\"@graph\":[{\"@type\":\"WebPage\",\"@id\":\"https:\/\/vanitasespai.es\/ca\/politica-de-privacitat\/\",\"url\":\"https:\/\/vanitasespai.es\/ca\/politica-de-privacitat\/\",\"name\":\"Vanitas Espai - Pol\u00edtica de privacitat\",\"isPartOf\":{\"@id\":\"https:\/\/vanitasespai.es\/#website\"},\"datePublished\":\"2025-12-16T20:02:19+00:00\",\"breadcrumb\":{\"@id\":\"https:\/\/vanitasespai.es\/ca\/politica-de-privacitat\/#breadcrumb\"},\"inLanguage\":\"ca\",\"potentialAction\":[{\"@type\":\"ReadAction\",\"target\":[\"https:\/\/vanitasespai.es\/ca\/politica-de-privacitat\/\"]}]},{\"@type\":\"BreadcrumbList\",\"@id\":\"https:\/\/vanitasespai.es\/ca\/politica-de-privacitat\/#breadcrumb\",\"itemListElement\":[{\"@type\":\"ListItem\",\"position\":1,\"name\":\"Home\",\"item\":\"https:\/\/vanitasespai.es\/ca\/\"},{\"@type\":\"ListItem\",\"position\":2,\"name\":\"Pol\u00edtica de privacitat\"}]},{\"@type\":\"WebSite\",\"@id\":\"https:\/\/vanitasespai.es\/#website\",\"url\":\"https:\/\/vanitasespai.es\/\",\"name\":\"Vanitas Espai\",\"description\":\"Mejor sal\u00f3n de Peluquer\u00eda y Est\u00e9tica de Barcelona\",\"potentialAction\":[{\"@type\":\"SearchAction\",\"target\":{\"@type\":\"EntryPoint\",\"urlTemplate\":\"https:\/\/vanitasespai.es\/?s={search_term_string}\"},\"query-input\":{\"@type\":\"PropertyValueSpecification\",\"valueRequired\":true,\"valueName\":\"search_term_string\"}}],\"inLanguage\":\"ca\"}]}<\/script>\n<!-- \/ Yoast SEO plugin. -->","yoast_head_json":{"title":"Vanitas Espai - Pol\u00edtica de privacitat","robots":{"index":"index","follow":"follow","max-snippet":"max-snippet:-1","max-image-preview":"max-image-preview:large","max-video-preview":"max-video-preview:-1"},"canonical":"https:\/\/vanitasespai.es\/ca\/politica-de-privacitat\/","og_locale":"ca_ES","og_type":"article","og_title":"Vanitas Espai - Pol\u00edtica de privacitat","og_description":"Data d&#8217;actualitzaci\u00f3: 30 d&#8217;octubre del 2025 \u00c0mbit: aquesta Pol\u00edtica s&#8217;aplica a https:\/\/vanitasespai.es\/ o per correu postal al domicili del Responsable, indicant l&#8217;assumpte \u201cProtecci\u00f3 de dades&#8221; i identificant-se. Si no esteu d&#8217;acord amb el tractament, podeu presentar reclamaci\u00f3 davant la Ag\u00e8ncia Espanyola de Protecci\u00f3 de Dades (AEPD). 6) Font de les dades Les dades procedeixen del [&hellip;]","og_url":"https:\/\/vanitasespai.es\/ca\/politica-de-privacitat\/","og_site_name":"Vanitas Espai","og_image":[{"width":1440,"height":961,"url":"https:\/\/vanitasespai.es\/wp-content\/uploads\/2016\/11\/vanitas-2016-bg.jpg","type":"image\/jpeg"}],"twitter_card":"summary_large_image","schema":{"@context":"https:\/\/schema.org","@graph":[{"@type":"WebPage","@id":"https:\/\/vanitasespai.es\/ca\/politica-de-privacitat\/","url":"https:\/\/vanitasespai.es\/ca\/politica-de-privacitat\/","name":"Vanitas Espai - Pol\u00edtica de privacitat","isPartOf":{"@id":"https:\/\/vanitasespai.es\/#website"},"datePublished":"2025-12-16T20:02:19+00:00","breadcrumb":{"@id":"https:\/\/vanitasespai.es\/ca\/politica-de-privacitat\/#breadcrumb"},"inLanguage":"ca","potentialAction":[{"@type":"ReadAction","target":["https:\/\/vanitasespai.es\/ca\/politica-de-privacitat\/"]}]},{"@type":"BreadcrumbList","@id":"https:\/\/vanitasespai.es\/ca\/politica-de-privacitat\/#breadcrumb","itemListElement":[{"@type":"ListItem","position":1,"name":"Home","item":"https:\/\/vanitasespai.es\/ca\/"},{"@type":"ListItem","position":2,"name":"Pol\u00edtica de privacitat"}]},{"@type":"WebSite","@id":"https:\/\/vanitasespai.es\/#website","url":"https:\/\/vanitasespai.es\/","name":"Vanitas Espai","description":"Mejor sal\u00f3n de Peluquer\u00eda y Est\u00e9tica de Barcelona","potentialAction":[{"@type":"SearchAction","target":{"@type":"EntryPoint","urlTemplate":"https:\/\/vanitasespai.es\/?s={search_term_string}"},"query-input":{"@type":"PropertyValueSpecification","valueRequired":true,"valueName":"search_term_string"}}],"inLanguage":"ca"}]}},"_links":{"self":[{"href":"https:\/\/vanitasespai.es\/ca\/wp-json\/wp\/v2\/pages\/19774","targetHints":{"allow":["GET"]}}],"collection":[{"href":"https:\/\/vanitasespai.es\/ca\/wp-json\/wp\/v2\/pages"}],"about":[{"href":"https:\/\/vanitasespai.es\/ca\/wp-json\/wp\/v2\/types\/page"}],"author":[{"embeddable":true,"href":"https:\/\/vanitasespai.es\/ca\/wp-json\/wp\/v2\/users\/1"}],"replies":[{"embeddable":true,"href":"https:\/\/vanitasespai.es\/ca\/wp-json\/wp\/v2\/comments?post=19774"}],"version-history":[{"count":1,"href":"https:\/\/vanitasespai.es\/ca\/wp-json\/wp\/v2\/pages\/19774\/revisions"}],"predecessor-version":[{"id":19775,"href":"https:\/\/vanitasespai.es\/ca\/wp-json\/wp\/v2\/pages\/19774\/revisions\/19775"}],"wp:attachment":[{"href":"https:\/\/vanitasespai.es\/ca\/wp-json\/wp\/v2\/media?parent=19774"}],"curies":[{"name":"wp","href":"https:\/\/api.w.org\/{rel}","templated":true}]}}